{"id":41707,"date":"2026-02-19T12:22:16","date_gmt":"2026-02-19T12:22:16","guid":{"rendered":"https:\/\/www.grzeskowitz.de\/?page_id=41707"},"modified":"2026-02-24T11:22:43","modified_gmt":"2026-02-24T11:22:43","slug":"keynote-speaker-digitalization","status":"publish","type":"page","link":"https:\/\/www.grzeskowitz.de\/en\/keynote-speaker-digitalisierung\/","title":{"rendered":"Keynote Speaker Digitalization"},"content":{"rendered":"<div data-elementor-type=\"wp-page\" data-elementor-id=\"41707\" class=\"elementor elementor-41707\" data-elementor-post-type=\"page\">\n\t\t\t\t<div class=\"elementor-element elementor-element-e6b2581 e-con-full e-flex e-con e-parent\" data-id=\"e6b2581\" data-element_type=\"container\" data-e-type=\"container\" data-settings=\"{&quot;background_background&quot;:&quot;classic&quot;}\">\n\t\t<div class=\"elementor-element elementor-element-6c76c5e e-flex e-con-boxed e-con e-child\" data-id=\"6c76c5e\" data-element_type=\"container\" data-e-type=\"container\">\n\t\t\t\t\t<div class=\"e-con-inner\">\n\t\t\t\t<div class=\"elementor-element elementor-element-b774c95 elementor-widget__width-initial elementor-widget-tablet__width-inherit elementor-invisible elementor-widget elementor-widget-heading\" data-id=\"b774c95\" data-element_type=\"widget\" data-e-type=\"widget\" data-settings=\"{&quot;_animation&quot;:&quot;fadeIn&quot;,&quot;_animation_delay&quot;:400}\" data-widget_type=\"heading.default\">\n\t\t\t\t\t<h1 class=\"elementor-heading-title elementor-size-default\">Keynote Speaker Digitalization<span>.<\/span><\/h1>\t\t\t\t<\/div>\n\t\t\t\t<div class=\"elementor-element elementor-element-b79606e elementor-align-left elementor-hidden-tablet elementor-hidden-mobile elementor-invisible elementor-widget elementor-widget-button\" data-id=\"b79606e\" data-element_type=\"widget\" data-e-type=\"widget\" data-settings=\"{&quot;_animation&quot;:&quot;fadeIn&quot;,&quot;_animation_delay&quot;:800}\" data-widget_type=\"button.default\">\n\t\t\t\t\t\t\t\t\t\t<a class=\"elementor-button elementor-button-link elementor-size-sm\" href=\"https:\/\/www.grzeskowitz.de\/en\/contact\/\">\n\t\t\t\t\t\t<span class=\"elementor-button-content-wrapper\">\n\t\t\t\t\t\t<span class=\"elementor-button-icon\">\n\t\t\t\t<svg xmlns=\"http:\/\/www.w3.org\/2000\/svg\" viewbox=\"0 0 32 32\"><title><\/title><g data-name=\"Layer 2\" id=\"Layer_2\"><path d=\"M22,9a1,1,0,0,0,0,1.42l4.6,4.6H3.06a1,1,0,1,0,0,2H26.58L22,21.59A1,1,0,0,0,22,23a1,1,0,0,0,1.41,0l6.36-6.36a.88.88,0,0,0,0-1.27L23.42,9A1,1,0,0,0,22,9Z\"><\/path><\/g><\/svg>\t\t\t<\/span>\n\t\t\t\t\t\t\t\t\t<span class=\"elementor-button-text\">Book Ilja Grzeskowitz as your Keynote speaker<\/span>\n\t\t\t\t\t<\/span>\n\t\t\t\t\t<\/a>\n\t\t\t\t\t\t\t\t<\/div>\n\t\t\t\t\t<\/div>\n\t\t\t\t<\/div>\n\t\t\t\t<\/div>\n\t\t<div class=\"elementor-element elementor-element-884328b e-flex e-con-boxed e-con e-parent\" data-id=\"884328b\" data-element_type=\"container\" data-e-type=\"container\" data-settings=\"{&quot;background_background&quot;:&quot;classic&quot;}\">\n\t\t\t\t\t<div class=\"e-con-inner\">\n\t\t<div class=\"elementor-element elementor-element-183acfe e-con-full e-flex e-con e-child\" data-id=\"183acfe\" data-element_type=\"container\" data-e-type=\"container\">\n\t\t\t\t<div class=\"elementor-element elementor-element-a5b55e1 elementor-widget-laptop__width-initial elementor-widget-tablet__width-inherit elementor-invisible elementor-widget elementor-widget-heading\" data-id=\"a5b55e1\" data-element_type=\"widget\" data-e-type=\"widget\" data-settings=\"{&quot;_animation&quot;:&quot;fadeIn&quot;}\" data-widget_type=\"heading.default\">\n\t\t\t\t\t<h2 class=\"elementor-heading-title elementor-size-default\">TOP keynote speaker for digital transformation<\/h2>\t\t\t\t<\/div>\n\t\t\t\t<div class=\"elementor-element elementor-element-e27050c elementor-widget__width-inherit elementor-invisible elementor-widget elementor-widget-text-editor\" data-id=\"e27050c\" data-element_type=\"widget\" data-e-type=\"widget\" data-settings=\"{&quot;_animation&quot;:&quot;fadeIn&quot;,&quot;_animation_delay&quot;:400}\" data-widget_type=\"text-editor.default\">\n\t\t\t\t\t\t\t\t\t<div data-id=\"7e259093\" data-element_type=\"widget\" data-widget_type=\"heading.default\"><h2>Ilja Grzeskowitz - A keynote speaker who lives, loves and teaches digitalization<\/h2><\/div><section data-id=\"24c18409\" data-element_type=\"section\" data-settings=\"{&quot;_ha_eqh_enable&quot;:false}\"><div data-id=\"23caba9e\" data-element_type=\"column\"><div data-id=\"41346eae\" data-element_type=\"widget\" data-widget_type=\"text-editor.default\"><p>There are many keynote speakers for digital transformation. But there is one factor that makes Ilja Grzeskowitz a top speaker for digitalization. He doesn't just talk about the topic; he lives it every single day. He combines the experience from his time as managing director at Karstadt and IKEA with his everyday life as a digital entrepreneur who supports companies in actively shaping the digital future.\u00a0<\/p><p>You will learn which success factors are important when it comes to digitalization, what the digital mindset looks like, and how you can transform people's existing fears and challenges into opportunities and a desire for change. All this with a great deal of expertise, always scientifically sound, but at the same time entertaining and with a lot of humor.<\/p><h3>Ilja Grzeskowitz - Keynote Speaker Digitalization<\/h3><p>\u201eGermany's No. 1 change expert\u201c (O\u00d6 Nachrichten) is one of the leading and best-known speakers on change management, leadership and digitalization.<\/p><\/div><\/div><\/section><ul><li>Former top manager for Karstadt, Wertheim, Hertie and IKEA<\/li><li>SPIEGEL bestselling author of 14 books, translated into 7 different languages<\/li><li>Economist, behavioral scientist, former lecturer at the Berlin School of Law and Economics<\/li><li>2-time TEDx Speaker<\/li><li>Awarded CSP (USA) and FPSA (United Kingdom), as well as many other awards<\/li><li>Keynote speaker at conferences, corporate events, kick-offs, customer events, and much more.<\/li><li>Keynotes in 27 countries on 5 continents<\/li><li>Happy customers all over the world<\/li><\/ul>\t\t\t\t\t\t\t\t<\/div>\n\t\t\t\t<\/div>\n\t\t<div class=\"elementor-element elementor-element-8992096 e-con-full e-flex e-con e-child\" data-id=\"8992096\" data-element_type=\"container\" data-e-type=\"container\" data-settings=\"{&quot;background_background&quot;:&quot;classic&quot;}\">\n\t\t\t\t<div class=\"elementor-element elementor-element-462876b elementor-widget elementor-widget-image\" data-id=\"462876b\" data-element_type=\"widget\" data-e-type=\"widget\" data-widget_type=\"image.default\">\n\t\t\t\t\t\t\t\t\t\t\t\t\t\t\t<img fetchpriority=\"high\" decoding=\"async\" width=\"640\" height=\"1004\" src=\"https:\/\/www.grzeskowitz.de\/wp-content\/uploads\/2026\/01\/250228_Sopra-Steria_web-172-653x1024.jpg\" class=\"attachment-large size-large wp-image-38915\" alt=\"Ilja Grzeskowitz bei einer Keynote-Pr\u00e4sentation auf einer Veranstaltung.\" srcset=\"https:\/\/www.grzeskowitz.de\/wp-content\/uploads\/2026\/01\/250228_Sopra-Steria_web-172-653x1024.jpg 653w, https:\/\/www.grzeskowitz.de\/wp-content\/uploads\/2026\/01\/250228_Sopra-Steria_web-172-191x300.jpg 191w, https:\/\/www.grzeskowitz.de\/wp-content\/uploads\/2026\/01\/250228_Sopra-Steria_web-172-768x1204.jpg 768w, https:\/\/www.grzeskowitz.de\/wp-content\/uploads\/2026\/01\/250228_Sopra-Steria_web-172-980x1536.jpg 980w, https:\/\/www.grzeskowitz.de\/wp-content\/uploads\/2026\/01\/250228_Sopra-Steria_web-172-8x12.jpg 8w, https:\/\/www.grzeskowitz.de\/wp-content\/uploads\/2026\/01\/250228_Sopra-Steria_web-172.jpg 1000w\" sizes=\"(max-width: 640px) 100vw, 640px\" title=\"\">\t\t\t\t\t\t\t\t\t\t\t\t\t\t\t<\/div>\n\t\t\t\t<\/div>\n\t\t\t\t\t<\/div>\n\t\t\t\t<\/div>\n\t\t<div class=\"elementor-element elementor-element-f9eb845 e-flex e-con-boxed e-con e-parent\" data-id=\"f9eb845\" data-element_type=\"container\" data-e-type=\"container\" data-settings=\"{&quot;background_background&quot;:&quot;classic&quot;}\">\n\t\t\t\t\t<div class=\"e-con-inner\">\n\t\t<div class=\"elementor-element elementor-element-ab8c647 e-con-full e-flex e-con e-child\" data-id=\"ab8c647\" data-element_type=\"container\" data-e-type=\"container\" data-settings=\"{&quot;background_background&quot;:&quot;classic&quot;}\">\n\t\t\t\t<div class=\"elementor-element elementor-element-ca37f13 elementor-widget elementor-widget-image\" data-id=\"ca37f13\" data-element_type=\"widget\" data-e-type=\"widget\" data-widget_type=\"image.default\">\n\t\t\t\t\t\t\t\t\t\t\t\t\t\t\t<img decoding=\"async\" width=\"640\" height=\"960\" src=\"https:\/\/www.grzeskowitz.de\/wp-content\/uploads\/2026\/01\/IMG_7346-683x1024.jpg\" class=\"attachment-large size-large wp-image-37561\" alt=\"Ilja Grzeskowitz, inspirierender Redner f\u00fcr Ver\u00e4nderung und Transformation.\" srcset=\"https:\/\/www.grzeskowitz.de\/wp-content\/uploads\/2026\/01\/IMG_7346-683x1024.jpg 683w, https:\/\/www.grzeskowitz.de\/wp-content\/uploads\/2026\/01\/IMG_7346-200x300.jpg 200w, https:\/\/www.grzeskowitz.de\/wp-content\/uploads\/2026\/01\/IMG_7346-768x1152.jpg 768w, https:\/\/www.grzeskowitz.de\/wp-content\/uploads\/2026\/01\/IMG_7346-8x12.jpg 8w, https:\/\/www.grzeskowitz.de\/wp-content\/uploads\/2026\/01\/IMG_7346.jpg 1024w\" sizes=\"(max-width: 640px) 100vw, 640px\" title=\"\">\t\t\t\t\t\t\t\t\t\t\t\t\t\t\t<\/div>\n\t\t\t\t<\/div>\n\t\t<div class=\"elementor-element elementor-element-8ad5ce4 e-con-full e-flex e-con e-child\" data-id=\"8ad5ce4\" data-element_type=\"container\" data-e-type=\"container\">\n\t\t\t\t<div class=\"elementor-element elementor-element-e463bdb elementor-widget-laptop__width-initial elementor-widget-tablet__width-inherit elementor-invisible elementor-widget elementor-widget-heading\" data-id=\"e463bdb\" data-element_type=\"widget\" data-e-type=\"widget\" data-settings=\"{&quot;_animation&quot;:&quot;fadeIn&quot;}\" data-widget_type=\"heading.default\">\n\t\t\t\t\t<h2 class=\"elementor-heading-title elementor-size-default\">Keynote Speaker for digitalization and the digital transformation<span>.<\/span><\/h2>\t\t\t\t<\/div>\n\t\t\t\t<div class=\"elementor-element elementor-element-0624e11 elementor-widget__width-inherit elementor-invisible elementor-widget elementor-widget-text-editor\" data-id=\"0624e11\" data-element_type=\"widget\" data-e-type=\"widget\" data-settings=\"{&quot;_animation&quot;:&quot;fadeIn&quot;,&quot;_animation_delay&quot;:400}\" data-widget_type=\"text-editor.default\">\n\t\t\t\t\t\t\t\t\t<div data-id=\"a5df4de\" data-element_type=\"widget\" data-widget_type=\"heading.default\"><h2>How digitalization is changing business models, consumer behaviour and the world of work<\/h2><\/div><section data-id=\"a345136\" data-element_type=\"section\" data-settings=\"{&quot;_ha_eqh_enable&quot;:false}\"><div data-id=\"fe2ccff\" data-element_type=\"column\"><div data-id=\"4b352a1\" data-element_type=\"widget\" data-widget_type=\"text-editor.default\"><p>The keynote speech on digitalization has one major goal: to invite the audience to adopt new perspectives, question their existing thought patterns, and thereby trigger as many click-in-your-head moments as possible. Because digitalization doesn't have to be hard, stressful, or exhausting. Actively shaping the digital transformation can actually be a lot of fun. If you know how to do it and which success factors are important.<\/p><h3>Messages and topics of the Keynote Speech Digitalization<\/h3><ul><li>How artificial intelligence, virtual reality, ChatGPT and co. are changing entire business models<\/li><li>New Work: How digitalization is radically changing the way we work<\/li><li>The digital mindset: because digitalization is a question of inner attitude<\/li><li>The 7 digital skills: Which future skills really matter when it comes to implementing digitalization<\/li><li>The future speaks digital. You too?<\/li><li>Personality as a success factor in times of digital transformation - because the future is shaped by people<\/li><li>The psychology of change - Why we sometimes find it so difficult to deal with digitalization. And how we can still succeed.<\/li><li>Actively shaping the future instead of passively enduring external and internal challenges<\/li><\/ul><div>\u00a0<\/div><div>After the digitalization speech, you will be able to actively deal with the various changes brought about by the digital transformation. You will develop the right motivation, focus on the opportunities and possibilities of the future, and know how to integrate your digital mindset into your everyday working life.<\/div><\/div><\/div><\/section>\t\t\t\t\t\t\t\t<\/div>\n\t\t\t\t<\/div>\n\t\t\t\t\t<\/div>\n\t\t\t\t<\/div>\n\t\t<div class=\"elementor-element elementor-element-a39e411 e-con-full e-flex e-con e-parent\" data-id=\"a39e411\" data-element_type=\"container\" data-e-type=\"container\">\n\t\t\t\t<div class=\"elementor-element elementor-element-a872435 elementor-widget elementor-widget-shortcode\" data-id=\"a872435\" data-element_type=\"widget\" data-e-type=\"widget\" data-widget_type=\"shortcode.default\">\n\t\t\t\t\t\t\t<div class=\"elementor-shortcode\">\t\t<div data-elementor-type=\"container\" data-elementor-id=\"41534\" class=\"elementor elementor-41534\" data-elementor-post-type=\"elementor_library\">\n\t\t\t\t<div class=\"elementor-element elementor-element-dcdd6f6 e-con-full e-flex e-con e-parent\" data-id=\"dcdd6f6\" data-element_type=\"container\" data-e-type=\"container\" data-settings=\"{&quot;background_background&quot;:&quot;classic&quot;}\">\n\t\t\t\t<div class=\"elementor-element elementor-element-74355e4 elementor-widget elementor-widget-image-carousel\" data-id=\"74355e4\" data-element_type=\"widget\" data-e-type=\"widget\" data-settings=\"{&quot;slides_to_show&quot;:&quot;10&quot;,&quot;slides_to_scroll&quot;:&quot;1&quot;,&quot;navigation&quot;:&quot;none&quot;,&quot;lazyload&quot;:&quot;yes&quot;,&quot;autoplay_speed&quot;:0,&quot;speed&quot;:2200,&quot;slides_to_show_tablet&quot;:&quot;6&quot;,&quot;slides_to_show_mobile&quot;:&quot;3&quot;,&quot;autoplay&quot;:&quot;yes&quot;,&quot;infinite&quot;:&quot;yes&quot;}\" data-widget_type=\"image-carousel.default\">\n\t\t\t\t\t\t\t<div class=\"elementor-image-carousel-wrapper swiper\" role=\"region\" aria-roledescription=\"carousel\" aria-label=\"Image Carousel\" dir=\"ltr\">\n\t\t\t<div class=\"elementor-image-carousel swiper-wrapper\" aria-live=\"off\">\n\t\t\t\t\t\t\t\t<div class=\"swiper-slide\" role=\"group\" aria-roledescription=\"slide\" aria-label=\"1 of 21\"><figure class=\"swiper-slide-inner\"><img class=\"swiper-slide-image swiper-lazy\" data-src=\"https:\/\/www.grzeskowitz.de\/wp-content\/uploads\/2026\/01\/Allianz-Technology-logo-1.jpg\" alt=\"Ilja Grzeskowitz spricht bei Allianz Technologie \u00fcber Innovation und Wandel.\" \/><div class=\"swiper-lazy-preloader\"><\/div><\/figure><\/div><div class=\"swiper-slide\" role=\"group\" aria-roledescription=\"slide\" aria-label=\"2 of 21\"><figure class=\"swiper-slide-inner\"><img class=\"swiper-slide-image swiper-lazy\" data-src=\"https:\/\/www.grzeskowitz.de\/wp-content\/uploads\/2026\/01\/Tui-1.jpg\" alt=\"Ilja Grzeskowitz, Keynote Speaker f\u00fcr Ver\u00e4nderung, auf der B\u00fchne.\" \/><div class=\"swiper-lazy-preloader\"><\/div><\/figure><\/div><div class=\"swiper-slide\" role=\"group\" aria-roledescription=\"slide\" aria-label=\"3 of 21\"><figure class=\"swiper-slide-inner\"><img class=\"swiper-slide-image swiper-lazy\" data-src=\"https:\/\/www.grzeskowitz.de\/wp-content\/uploads\/2026\/01\/TE.png\" alt=\"Ilja Grzeskowitz spricht bei einer Keynote \u00fcber Ver\u00e4nderung und Innovation.\" \/><div class=\"swiper-lazy-preloader\"><\/div><\/figure><\/div><div class=\"swiper-slide\" role=\"group\" aria-roledescription=\"slide\" aria-label=\"4 of 21\"><figure class=\"swiper-slide-inner\"><img class=\"swiper-slide-image swiper-lazy\" data-src=\"https:\/\/www.grzeskowitz.de\/wp-content\/uploads\/2026\/01\/Strabag-logo.jpg\" alt=\"Ilja Grzeskowitz spricht bei einer Veranstaltung, im Hintergrund das STRABAG Logo sichtbar.\" \/><div class=\"swiper-lazy-preloader\"><\/div><\/figure><\/div><div class=\"swiper-slide\" role=\"group\" aria-roledescription=\"slide\" aria-label=\"5 of 21\"><figure class=\"swiper-slide-inner\"><img class=\"swiper-slide-image swiper-lazy\" data-src=\"https:\/\/www.grzeskowitz.de\/wp-content\/uploads\/2026\/01\/Rewe-logo.png\" alt=\"Ilja Grzeskowitz, Keynote Speaker f\u00fcr Ver\u00e4nderung bei Transformati.\" \/><div class=\"swiper-lazy-preloader\"><\/div><\/figure><\/div><div class=\"swiper-slide\" role=\"group\" aria-roledescription=\"slide\" aria-label=\"6 of 21\"><figure class=\"swiper-slide-inner\"><img class=\"swiper-slide-image swiper-lazy\" data-src=\"https:\/\/www.grzeskowitz.de\/wp-content\/uploads\/2026\/01\/Nespresso-Deutschland-GmbH-67.png\" alt=\"Ilja Grzeskowitz spricht bei einer Veranstaltung \u00fcber Ver\u00e4nderung und Innovation.\" \/><div class=\"swiper-lazy-preloader\"><\/div><\/figure><\/div><div class=\"swiper-slide\" role=\"group\" aria-roledescription=\"slide\" aria-label=\"7 of 21\"><figure class=\"swiper-slide-inner\"><img class=\"swiper-slide-image swiper-lazy\" data-src=\"https:\/\/www.grzeskowitz.de\/wp-content\/uploads\/2026\/01\/LogobandDPD-70.png\" alt=\"Ilja Grzeskowitz spricht auf einer B\u00fchne bei einer Konferenz.\" \/><div class=\"swiper-lazy-preloader\"><\/div><\/figure><\/div><div class=\"swiper-slide\" role=\"group\" aria-roledescription=\"slide\" aria-label=\"8 of 21\"><figure class=\"swiper-slide-inner\"><img class=\"swiper-slide-image swiper-lazy\" data-src=\"https:\/\/www.grzeskowitz.de\/wp-content\/uploads\/2026\/01\/Logoband-Baldordetlichmachen-96.png\" alt=\"Ilja Grzeskowitz, Keynote Speaker f\u00fcr Ver\u00e4nderung, bei SAP-Event.\" \/><div class=\"swiper-lazy-preloader\"><\/div><\/figure><\/div><div class=\"swiper-slide\" role=\"group\" aria-roledescription=\"slide\" aria-label=\"9 of 21\"><figure class=\"swiper-slide-inner\"><img class=\"swiper-slide-image swiper-lazy\" data-src=\"https:\/\/www.grzeskowitz.de\/wp-content\/uploads\/2026\/01\/Logoband-Baldordetlichmachen-71.png\" alt=\"Bayer Logo mit Gr\u00fcner und Blauer Umrandung, inspirierende Keynote.\" \/><div class=\"swiper-lazy-preloader\"><\/div><\/figure><\/div><div class=\"swiper-slide\" role=\"group\" aria-roledescription=\"slide\" aria-label=\"10 of 21\"><figure class=\"swiper-slide-inner\"><img class=\"swiper-slide-image swiper-lazy\" data-src=\"https:\/\/www.grzeskowitz.de\/wp-content\/uploads\/2026\/01\/Logoband-Baldordetlichmachen-65.png\" alt=\"Ilja Grzeskowitz als inspirierender Redner bei Ver\u00e4nderungskonferenz.\" \/><div class=\"swiper-lazy-preloader\"><\/div><\/figure><\/div><div class=\"swiper-slide\" role=\"group\" aria-roledescription=\"slide\" aria-label=\"11 of 21\"><figure class=\"swiper-slide-inner\"><img class=\"swiper-slide-image swiper-lazy\" data-src=\"https:\/\/www.grzeskowitz.de\/wp-content\/uploads\/2026\/01\/logoband-135.png\" alt=\"Ilja Grzeskowitz spricht bei einer Veranstaltung \u00fcber Ver\u00e4nderung und Innovation.\" \/><div class=\"swiper-lazy-preloader\"><\/div><\/figure><\/div><div class=\"swiper-slide\" role=\"group\" aria-roledescription=\"slide\" aria-label=\"12 of 21\"><figure class=\"swiper-slide-inner\"><img class=\"swiper-slide-image swiper-lazy\" data-src=\"https:\/\/www.grzeskowitz.de\/wp-content\/uploads\/2026\/01\/Logoband-84.png\" alt=\"Ilja Grzeskowitz bei einer inspirierenden Keynote zum Thema Ver\u00e4nderung.\" \/><div class=\"swiper-lazy-preloader\"><\/div><\/figure><\/div><div class=\"swiper-slide\" role=\"group\" aria-roledescription=\"slide\" aria-label=\"13 of 21\"><figure class=\"swiper-slide-inner\"><img class=\"swiper-slide-image swiper-lazy\" data-src=\"https:\/\/www.grzeskowitz.de\/wp-content\/uploads\/2026\/01\/Logoband-83.png\" alt=\"Ilja Grzeskowitz als inspirierender Redner bei einer Veranstaltung.\" \/><div class=\"swiper-lazy-preloader\"><\/div><\/figure><\/div><div class=\"swiper-slide\" role=\"group\" aria-roledescription=\"slide\" aria-label=\"14 of 21\"><figure class=\"swiper-slide-inner\"><img class=\"swiper-slide-image swiper-lazy\" data-src=\"https:\/\/www.grzeskowitz.de\/wp-content\/uploads\/2026\/01\/Logoband-75.png\" alt=\"Mercedes-Benz Logo, Symbol f\u00fcr Luxus und Innovation, bei einer Veranstaltung.\" \/><div class=\"swiper-lazy-preloader\"><\/div><\/figure><\/div><div class=\"swiper-slide\" role=\"group\" aria-roledescription=\"slide\" aria-label=\"15 of 21\"><figure class=\"swiper-slide-inner\"><img class=\"swiper-slide-image swiper-lazy\" data-src=\"https:\/\/www.grzeskowitz.de\/wp-content\/uploads\/2026\/01\/Logoband-73.png\" alt=\"Ilja Grzeskowitz spricht als Keynote Speaker bei Transformationsveranstaltung.\" \/><div class=\"swiper-lazy-preloader\"><\/div><\/figure><\/div><div class=\"swiper-slide\" role=\"group\" aria-roledescription=\"slide\" aria-label=\"16 of 21\"><figure class=\"swiper-slide-inner\"><img class=\"swiper-slide-image swiper-lazy\" data-src=\"https:\/\/www.grzeskowitz.de\/wp-content\/uploads\/2026\/01\/Logoband-68.png\" alt=\"Ilja Grzeskowitz bei einer inspirierenden Keynote zum Thema Ver\u00e4nderung.\" \/><div class=\"swiper-lazy-preloader\"><\/div><\/figure><\/div><div class=\"swiper-slide\" role=\"group\" aria-roledescription=\"slide\" aria-label=\"17 of 21\"><figure class=\"swiper-slide-inner\"><img class=\"swiper-slide-image swiper-lazy\" data-src=\"https:\/\/www.grzeskowitz.de\/wp-content\/uploads\/2026\/01\/Logoband-64.png\" alt=\"Ilja Grzeskowitz spricht bei einer Veranstaltung \u00fcber Ver\u00e4nderung und Innovation.\" \/><div class=\"swiper-lazy-preloader\"><\/div><\/figure><\/div><div class=\"swiper-slide\" role=\"group\" aria-roledescription=\"slide\" aria-label=\"18 of 21\"><figure class=\"swiper-slide-inner\"><img class=\"swiper-slide-image swiper-lazy\" data-src=\"https:\/\/www.grzeskowitz.de\/wp-content\/uploads\/2026\/01\/Logoband-61.png\" alt=\"Ilja Grzeskowitz spricht als Keynote Speaker bei Transformationsveranstaltung.\" \/><div class=\"swiper-lazy-preloader\"><\/div><\/figure><\/div><div class=\"swiper-slide\" role=\"group\" aria-roledescription=\"slide\" aria-label=\"19 of 21\"><figure class=\"swiper-slide-inner\"><img class=\"swiper-slide-image swiper-lazy\" data-src=\"https:\/\/www.grzeskowitz.de\/wp-content\/uploads\/2026\/01\/kellogs.png\" alt=\"Ilja Grzeskowitz bei einer Keynote zum Thema Ver\u00e4nderung, Transformation.\" \/><div class=\"swiper-lazy-preloader\"><\/div><\/figure><\/div><div class=\"swiper-slide\" role=\"group\" aria-roledescription=\"slide\" aria-label=\"20 of 21\"><figure class=\"swiper-slide-inner\"><img class=\"swiper-slide-image swiper-lazy\" data-src=\"https:\/\/www.grzeskowitz.de\/wp-content\/uploads\/2026\/01\/bofrost-logo-1.jpg\" alt=\"Bofrost* Logo, bekannt f\u00fcr frische Tiefk\u00fchlkost in Deutschland.\" \/><div class=\"swiper-lazy-preloader\"><\/div><\/figure><\/div><div class=\"swiper-slide\" role=\"group\" aria-roledescription=\"slide\" aria-label=\"21 of 21\"><figure class=\"swiper-slide-inner\"><img class=\"swiper-slide-image swiper-lazy\" data-src=\"https:\/\/www.grzeskowitz.de\/wp-content\/uploads\/2026\/01\/Birkenstock-logo.png\" alt=\"Ilja Grzeskowitz als Keynote Speaker bei Birkestock f\u00fcr Ver\u00e4nderung.\" \/><div class=\"swiper-lazy-preloader\"><\/div><\/figure><\/div>\t\t\t<\/div>\n\t\t\t\t\t\t\t\n\t\t\t\t\t\t\t\t\t<\/div>\n\t\t\t\t\t\t<\/div>\n\t\t\t\t<\/div>\n\t\t\t\t<\/div>\n\t\t<\/div>\n\t\t\t\t\t\t<\/div>\n\t\t\t\t<\/div>\n\t\t<div class=\"elementor-element elementor-element-e186ea9 e-con-full e-flex e-con e-parent\" data-id=\"e186ea9\" data-element_type=\"container\" data-e-type=\"container\">\n\t\t\t\t<div class=\"elementor-element elementor-element-9a59c5b elementor-widget elementor-widget-shortcode\" data-id=\"9a59c5b\" data-element_type=\"widget\" data-e-type=\"widget\" data-widget_type=\"shortcode.default\">\n\t\t\t\t\t\t\t<div class=\"elementor-shortcode\">\t\t<div data-elementor-type=\"container\" data-elementor-id=\"41540\" class=\"elementor elementor-41540\" data-elementor-post-type=\"elementor_library\">\n\t\t\t\t<div class=\"elementor-element elementor-element-1a635b8 e-flex e-con-boxed e-con e-parent\" data-id=\"1a635b8\" data-element_type=\"container\" data-e-type=\"container\" data-settings=\"{&quot;background_background&quot;:&quot;classic&quot;}\">\n\t\t\t\t\t<div class=\"e-con-inner\">\n\t\t<div class=\"elementor-element elementor-element-27fd23f e-con-full e-flex e-con e-child\" data-id=\"27fd23f\" data-element_type=\"container\" data-e-type=\"container\">\n\t\t\t\t<div class=\"elementor-element elementor-element-6f2af93 elementor-widget__width-initial elementor-invisible elementor-widget elementor-widget-heading\" data-id=\"6f2af93\" data-element_type=\"widget\" data-e-type=\"widget\" data-settings=\"{&quot;_animation&quot;:&quot;fadeIn&quot;}\" data-widget_type=\"heading.default\">\n\t\t\t\t\t<h2 class=\"elementor-heading-title elementor-size-default\">When keynote speeches make a difference<span>.<\/span><\/h2>\t\t\t\t<\/div>\n\t\t\t\t<div class=\"elementor-element elementor-element-1849d62 elementor-align-left elementor-tablet-align-right elementor-mobile-align-left elementor-widget-tablet__width-initial elementor-widget-mobile__width-inherit elementor-invisible elementor-widget elementor-widget-button\" data-id=\"1849d62\" data-element_type=\"widget\" data-e-type=\"widget\" data-settings=\"{&quot;_animation&quot;:&quot;fadeIn&quot;,&quot;_animation_delay&quot;:400}\" data-widget_type=\"button.default\">\n\t\t\t\t\t\t\t\t\t\t<a class=\"elementor-button elementor-button-link elementor-size-sm\" href=\"https:\/\/www.grzeskowitz.de\/en\/testimonials\/\">\n\t\t\t\t\t\t<span class=\"elementor-button-content-wrapper\">\n\t\t\t\t\t\t<span class=\"elementor-button-icon\">\n\t\t\t\t<svg xmlns=\"http:\/\/www.w3.org\/2000\/svg\" viewbox=\"0 0 32 32\"><title><\/title><g data-name=\"Layer 2\" id=\"Layer_2\"><path d=\"M22,9a1,1,0,0,0,0,1.42l4.6,4.6H3.06a1,1,0,1,0,0,2H26.58L22,21.59A1,1,0,0,0,22,23a1,1,0,0,0,1.41,0l6.36-6.36a.88.88,0,0,0,0-1.27L23.42,9A1,1,0,0,0,22,9Z\"><\/path><\/g><\/svg>\t\t\t<\/span>\n\t\t\t\t\t\t\t\t\t<span class=\"elementor-button-text\">More raving testimonials<\/span>\n\t\t\t\t\t<\/span>\n\t\t\t\t\t<\/a>\n\t\t\t\t\t\t\t\t<\/div>\n\t\t\t\t<\/div>\n\t\t\t\t<div class=\"elementor-element elementor-element-db36089 elementor-widget__width-initial elementor-widget-mobile__width-inherit elementor-widget elementor-widget-testimonial\" data-id=\"db36089\" data-element_type=\"widget\" data-e-type=\"widget\" data-widget_type=\"testimonial.default\">\n\t\t\t\t\t\t\t<div class=\"elementor-testimonial-wrapper\">\n\t\t\t\t\t\t\t<div class=\"elementor-testimonial-content\">Ilja Grzeskowitz was simply great as our keynote speaker. We received consistently positive feedback. He left a lasting impression.<\/div>\n\t\t\t\n\t\t\t\t\t\t<div class=\"elementor-testimonial-meta elementor-has-image elementor-testimonial-image-position-aside\">\n\t\t\t\t<div class=\"elementor-testimonial-meta-inner\">\n\t\t\t\t\t\t\t\t\t\t\t<div class=\"elementor-testimonial-image\">\n\t\t\t\t\t\t\t<img decoding=\"async\" width=\"1001\" height=\"1001\" src=\"https:\/\/www.grzeskowitz.de\/wp-content\/uploads\/2026\/01\/Referenzen-82-1-1.png\" class=\"attachment-full size-full wp-image-37782\" alt=\"Ilja Grzeskowitz als inspirierender Keynote Speaker f\u00fcr Ver\u00e4nderung.\" title=\"\" srcset=\"https:\/\/www.grzeskowitz.de\/wp-content\/uploads\/2026\/01\/Referenzen-82-1-1.png 1001w, https:\/\/www.grzeskowitz.de\/wp-content\/uploads\/2026\/01\/Referenzen-82-1-1-300x300.png 300w, https:\/\/www.grzeskowitz.de\/wp-content\/uploads\/2026\/01\/Referenzen-82-1-1-150x150.png 150w, https:\/\/www.grzeskowitz.de\/wp-content\/uploads\/2026\/01\/Referenzen-82-1-1-768x768.png 768w, https:\/\/www.grzeskowitz.de\/wp-content\/uploads\/2026\/01\/Referenzen-82-1-1-12x12.png 12w\" sizes=\"(max-width: 1001px) 100vw, 1001px\" \/>\t\t\t\t\t\t<\/div>\n\t\t\t\t\t\n\t\t\t\t\t\t\t\t\t\t<div class=\"elementor-testimonial-details\">\n\t\t\t\t\t\t\t\t\t\t\t\t\t\t<div class=\"elementor-testimonial-name\">Christin Kohnke, HR Director<\/div>\n\t\t\t\t\t\t\t\t\t\t\t\t\t\t\t\t\t\t\t\t\t\t<div class=\"elementor-testimonial-job\">Nespresso Germany <\/div>\n\t\t\t\t\t\t\t\t\t\t\t\t\t<\/div>\n\t\t\t\t\t\t\t\t\t<\/div>\n\t\t\t<\/div>\n\t\t\t\t\t<\/div>\n\t\t\t\t\t\t<\/div>\n\t\t\t\t<div class=\"elementor-element elementor-element-254560b elementor-widget__width-initial elementor-widget-mobile__width-inherit elementor-widget elementor-widget-testimonial\" data-id=\"254560b\" data-element_type=\"widget\" data-e-type=\"widget\" data-widget_type=\"testimonial.default\">\n\t\t\t\t\t\t\t<div class=\"elementor-testimonial-wrapper\">\n\t\t\t\t\t\t\t<div class=\"elementor-testimonial-content\">Thanks, Ilja, you touched and encouraged our SWISS audience with your witty life and business anecdotes. Audience reviews stated it was the best event of this kind ever!\t\t\t\t<\/div>\n\t\t\t\n\t\t\t\t\t\t<div class=\"elementor-testimonial-meta elementor-has-image elementor-testimonial-image-position-aside\">\n\t\t\t\t<div class=\"elementor-testimonial-meta-inner\">\n\t\t\t\t\t\t\t\t\t\t\t<div class=\"elementor-testimonial-image\">\n\t\t\t\t\t\t\t<img loading=\"lazy\" decoding=\"async\" width=\"130\" height=\"130\" src=\"https:\/\/www.grzeskowitz.de\/wp-content\/uploads\/2026\/01\/www.grzeskowitz.de_wp-content_uploads_2021_12_Referenzen-25.webp\" class=\"attachment-full size-full wp-image-37812\" alt=\"Ilja Grzeskowitz bei einer inspirierenden Keynote-Pr\u00e4sentation.\" title=\"\" srcset=\"https:\/\/www.grzeskowitz.de\/wp-content\/uploads\/2026\/01\/www.grzeskowitz.de_wp-content_uploads_2021_12_Referenzen-25.webp 130w, https:\/\/www.grzeskowitz.de\/wp-content\/uploads\/2026\/01\/www.grzeskowitz.de_wp-content_uploads_2021_12_Referenzen-25-12x12.webp 12w\" sizes=\"(max-width: 130px) 100vw, 130px\" \/>\t\t\t\t\t\t<\/div>\n\t\t\t\t\t\n\t\t\t\t\t\t\t\t\t\t<div class=\"elementor-testimonial-details\">\n\t\t\t\t\t\t\t\t\t\t\t\t\t\t<div class=\"elementor-testimonial-name\">Upper Austrian Newspaper<\/div>\n\t\t\t\t\t\t\t\t\t\t\t\t\t\t\t\t\t\t\t\t\t\t<div class=\"elementor-testimonial-job\">SWISS International Air Lines Ltd<\/div>\n\t\t\t\t\t\t\t\t\t\t\t\t\t<\/div>\n\t\t\t\t\t\t\t\t\t<\/div>\n\t\t\t<\/div>\n\t\t\t\t\t<\/div>\n\t\t\t\t\t\t<\/div>\n\t\t\t\t\t<\/div>\n\t\t\t\t<\/div>\n\t\t\t\t<\/div>\n\t\t<\/div>\n\t\t\t\t\t\t<\/div>\n\t\t\t\t<\/div>\n\t\t<div class=\"elementor-element elementor-element-4fd0629 e-flex e-con-boxed e-con e-parent\" data-id=\"4fd0629\" data-element_type=\"container\" data-e-type=\"container\" data-settings=\"{&quot;background_background&quot;:&quot;gradient&quot;}\">\n\t\t\t\t\t<div class=\"e-con-inner\">\n\t\t<div class=\"elementor-element elementor-element-466fb02 e-con-full e-flex e-con e-child\" data-id=\"466fb02\" data-element_type=\"container\" data-e-type=\"container\" data-settings=\"{&quot;background_background&quot;:&quot;classic&quot;}\">\n\t\t\t\t<div class=\"elementor-element elementor-element-bfc1139 elementor-widget__width-initial elementor-invisible elementor-widget elementor-widget-heading\" data-id=\"bfc1139\" data-element_type=\"widget\" data-e-type=\"widget\" data-settings=\"{&quot;_animation&quot;:&quot;fadeIn&quot;}\" data-widget_type=\"heading.default\">\n\t\t\t\t\t<h2 class=\"elementor-heading-title elementor-size-default\">Make your next event a turning point for real change<span>.<\/span><\/h2>\t\t\t\t<\/div>\n\t\t\t\t<div class=\"elementor-element elementor-element-bd69787 elementor-widget__width-inherit elementor-invisible elementor-widget elementor-widget-heading\" data-id=\"bd69787\" data-element_type=\"widget\" data-e-type=\"widget\" data-settings=\"{&quot;_animation&quot;:&quot;fadeIn&quot;,&quot;_animation_delay&quot;:400}\" data-widget_type=\"heading.default\">\n\t\t\t\t\t<span class=\"elementor-heading-title elementor-size-default\">An event lives from moments that stay in your head. Let's work together to ensure that your event becomes the starting point for real change.<\/span>\t\t\t\t<\/div>\n\t\t\t\t<div class=\"elementor-element elementor-element-0dd8a42 elementor-align-left elementor-mobile-align-left elementor-invisible elementor-widget elementor-widget-button\" data-id=\"0dd8a42\" data-element_type=\"widget\" data-e-type=\"widget\" data-settings=\"{&quot;_animation&quot;:&quot;fadeIn&quot;,&quot;_animation_delay&quot;:800}\" data-widget_type=\"button.default\">\n\t\t\t\t\t\t\t\t\t\t<a class=\"elementor-button elementor-button-link elementor-size-sm\" href=\"https:\/\/www.grzeskowitz.de\/en\/contact\/\">\n\t\t\t\t\t\t<span class=\"elementor-button-content-wrapper\">\n\t\t\t\t\t\t<span class=\"elementor-button-icon\">\n\t\t\t\t<svg xmlns=\"http:\/\/www.w3.org\/2000\/svg\" viewbox=\"0 0 32 32\"><title><\/title><g data-name=\"Layer 2\" id=\"Layer_2\"><path d=\"M22,9a1,1,0,0,0,0,1.42l4.6,4.6H3.06a1,1,0,1,0,0,2H26.58L22,21.59A1,1,0,0,0,22,23a1,1,0,0,0,1.41,0l6.36-6.36a.88.88,0,0,0,0-1.27L23.42,9A1,1,0,0,0,22,9Z\"><\/path><\/g><\/svg>\t\t\t<\/span>\n\t\t\t\t\t\t\t\t\t<span class=\"elementor-button-text\">Book Ilja as your Keynote Speaker<\/span>\n\t\t\t\t\t<\/span>\n\t\t\t\t\t<\/a>\n\t\t\t\t\t\t\t\t<\/div>\n\t\t\t\t<\/div>\n\t\t\t\t\t<\/div>\n\t\t\t\t<\/div>\n\t\t\t\t<\/div>","protected":false},"excerpt":{"rendered":"<p>Keynote Speaker Digitalisierung. Ilja Grzeskowitz als Redner anfragen TOP Redner f\u00fcr den Umgang mit der digitalen Transformation Ilja Grzeskowitz \u2013 Ein Keynote Speaker, der Digitalisierung lebt, liebt und lehrt Keynote Speaker f\u00fcr die digitale Transformation gibt es viele. Doch es gibt einen Faktor, der Ilja Grzeskowitz zum Top Redner f\u00fcr Digitalisierung macht. Er redet nicht [&hellip;]<\/p>\n","protected":false},"author":1,"featured_media":0,"parent":0,"menu_order":0,"comment_status":"closed","ping_status":"closed","template":"elementor_header_footer","meta":{"_acf_changed":false,"footnotes":""},"class_list":["post-41707","page","type-page","status-publish","hentry"],"acf":[],"_links":{"self":[{"href":"https:\/\/www.grzeskowitz.de\/en\/wp-json\/wp\/v2\/pages\/41707","targetHints":{"allow":["GET"]}}],"collection":[{"href":"https:\/\/www.grzeskowitz.de\/en\/wp-json\/wp\/v2\/pages"}],"about":[{"href":"https:\/\/www.grzeskowitz.de\/en\/wp-json\/wp\/v2\/types\/page"}],"author":[{"embeddable":true,"href":"https:\/\/www.grzeskowitz.de\/en\/wp-json\/wp\/v2\/users\/1"}],"replies":[{"embeddable":true,"href":"https:\/\/www.grzeskowitz.de\/en\/wp-json\/wp\/v2\/comments?post=41707"}],"version-history":[{"count":11,"href":"https:\/\/www.grzeskowitz.de\/en\/wp-json\/wp\/v2\/pages\/41707\/revisions"}],"predecessor-version":[{"id":41847,"href":"https:\/\/www.grzeskowitz.de\/en\/wp-json\/wp\/v2\/pages\/41707\/revisions\/41847"}],"wp:attachment":[{"href":"https:\/\/www.grzeskowitz.de\/en\/wp-json\/wp\/v2\/media?parent=41707"}],"curies":[{"name":"wp","href":"https:\/\/api.w.org\/{rel}","templated":true}]}}